{"id":1347,"date":"2025-08-10T18:22:13","date_gmt":"2025-08-10T18:22:13","guid":{"rendered":"https:\/\/agdam.org\/?page_id=1347"},"modified":"2025-08-11T19:12:21","modified_gmt":"2025-08-11T19:12:21","slug":"national-hero","status":"publish","type":"page","link":"https:\/\/agdam.org\/?page_id=1347","title":{"rendered":"Milli q\u0259hr\u0259manlar"},"content":{"rendered":"<figure id=\"attachment_1208\" aria-describedby=\"caption-attachment-1208\" style=\"width: 379px\" class=\"wp-caption alignleft\"><img fetchpriority=\"high\" decoding=\"async\" class=\"wp-image-1208 size-full\" src=\"https:\/\/agdam.org\/wp-content\/uploads\/2025\/08\/Asif_Maharammov.jpg\" alt=\"\" width=\"379\" height=\"471\" srcset=\"https:\/\/agdam.org\/wp-content\/uploads\/2025\/08\/Asif_Maharammov.jpg 379w, https:\/\/agdam.org\/wp-content\/uploads\/2025\/08\/Asif_Maharammov-241x300.jpg 241w\" sizes=\"(max-width: 379px) 100vw, 379px\" \/><figcaption id=\"caption-attachment-1208\" class=\"wp-caption-text\">Asif M\u0259h\u0259rr\u0259mov v\u0259 ya Fred Asif (tam ad\u0131: Asif Yusif o\u011flu M\u0259h\u0259rr\u0259mov; 26 iyul 1952, A\u011fdam \u2013 1 iyul 1994, Yalta, Kr\u0131m Muxtar Respublikas\u0131) \u2014 Az\u0259rbaycan\u0131n Milli Q\u0259hr\u0259man\u0131, Birinci Qaraba\u011f m\u00fcharib\u0259si i\u015ftirak\u00e7\u0131s\u0131.<\/figcaption><\/figure>\n<p>&nbsp;<\/p>\n<p>&nbsp;<\/p>\n<p>&nbsp;<\/p>\n<p>&nbsp;<\/p>\n<p>&nbsp;<\/p>\n<p>&nbsp;<\/p>\n<p>&nbsp;<\/p>\n<p>&nbsp;<\/p>\n<p>&nbsp;<\/p>\n<p>&nbsp;<\/p>\n<p>&nbsp;<\/p>\n<p>&nbsp;<\/p>\n<p>&nbsp;<\/p>\n<p>&nbsp;<\/p>\n<p>&nbsp;<\/p>\n<figure id=\"attachment_1210\" aria-describedby=\"caption-attachment-1210\" style=\"width: 412px\" class=\"wp-caption alignleft\"><img decoding=\"async\" class=\"wp-image-1210 \" src=\"https:\/\/agdam.org\/wp-content\/uploads\/2025\/08\/Allahverdi_Bagirov.jpg\" alt=\"\" width=\"412\" height=\"537\" \/><figcaption id=\"caption-attachment-1210\" class=\"wp-caption-text\">Allahverdi Teymur o\u011flu Ba\u011f\u0131rov (22 aprel 1946, A\u011fdam \u2013 12 iyun 1992, Aranz\u0259min, Xocal\u0131 rayonu) \u2014 Az\u0259rbaycan\u0131n Milli Q\u0259hr\u0259man\u0131, Birinci Qaraba\u011f m\u00fcharib\u0259si \u015f\u0259hidi, Qaraba\u011f futbol klubunun futbol\u00e7usu v\u0259 ke\u00e7mi\u015f ba\u015f m\u0259\u015fq\u00e7isi.<\/figcaption><\/figure>\n<p>&nbsp;<\/p>\n<p>&nbsp;<\/p>\n<p>&nbsp;<\/p>\n<p>&nbsp;<\/p>\n<p>&nbsp;<\/p>\n<p>&nbsp;<\/p>\n<p>&nbsp;<\/p>\n<p>&nbsp;<\/p>\n<p>&nbsp;<\/p>\n<p>&nbsp;<\/p>\n<p>&nbsp;<\/p>\n<p>&nbsp;<\/p>\n<p>&nbsp;<\/p>\n<p>&nbsp;<\/p>\n<p>&nbsp;<\/p>\n<p>&nbsp;<\/p>\n<figure id=\"attachment_1211\" aria-describedby=\"caption-attachment-1211\" style=\"width: 503px\" class=\"wp-caption alignnone\"><img decoding=\"async\" class=\"wp-image-1211 size-full\" src=\"https:\/\/agdam.org\/wp-content\/uploads\/2025\/08\/Yelmar_Edilov.jpg\" alt=\"\" width=\"503\" height=\"567\" srcset=\"https:\/\/agdam.org\/wp-content\/uploads\/2025\/08\/Yelmar_Edilov.jpg 503w, https:\/\/agdam.org\/wp-content\/uploads\/2025\/08\/Yelmar_Edilov-266x300.jpg 266w\" sizes=\"(max-width: 503px) 100vw, 503px\" \/><figcaption id=\"caption-attachment-1211\" class=\"wp-caption-text\">Yelmar Edilov (10 aprel 1946, \u018flim\u0259d\u0259tli, A\u011fdam rayonu \u2013 11 aprel 1994, A\u011fdam rayonu) \u2014 Az\u0259rbaycan\u0131n Milli Q\u0259hr\u0259man\u0131, Birinci Qaraba\u011f m\u00fcharib\u0259si \u015f\u0259hidi.<\/figcaption><\/figure>\n<figure id=\"attachment_1222\" aria-describedby=\"caption-attachment-1222\" style=\"width: 410px\" class=\"wp-caption alignnone\"><img loading=\"lazy\" decoding=\"async\" class=\"wp-image-1222 \" src=\"https:\/\/agdam.org\/wp-content\/uploads\/2025\/08\/250px-Elabbas_Isg\u0259nd\u0259rov.jpg\" alt=\"\" width=\"410\" height=\"511\" srcset=\"https:\/\/agdam.org\/wp-content\/uploads\/2025\/08\/250px-Elabbas_Isg\u0259nd\u0259rov.jpg 250w, https:\/\/agdam.org\/wp-content\/uploads\/2025\/08\/250px-Elabbas_Isg\u0259nd\u0259rov-240x300.jpg 240w\" sizes=\"(max-width: 410px) 100vw, 410px\" \/><figcaption id=\"caption-attachment-1222\" class=\"wp-caption-text\">\u018flabbas Qara o\u011flu \u0130sg\u0259nd\u0259rov (20 noyabr 1958, K\u00fcrdl\u0259r, A\u011fdam rayonu \u2013 4 mart 1992, Qazan\u00e7\u0131, A\u011fdam rayonu) \u2014 Az\u0259rbaycan\u0131n Milli Q\u0259hr\u0259man\u0131, Birinci Qaraba\u011f m\u00fcharib\u0259si \u015f\u0259hidi<\/figcaption><\/figure>\n<figure style=\"width: 364px\" class=\"wp-caption alignleft\"><img loading=\"lazy\" decoding=\"async\" class=\"wp-image-1223\" src=\"https:\/\/agdam.org\/wp-content\/uploads\/2025\/08\/Faiq_Agayev_h\u0259rbci.jpg\" alt=\"\" width=\"364\" height=\"454\" srcset=\"https:\/\/agdam.org\/wp-content\/uploads\/2025\/08\/Faiq_Agayev_h\u0259rbci.jpg 250w, https:\/\/agdam.org\/wp-content\/uploads\/2025\/08\/Faiq_Agayev_h\u0259rbci-240x300.jpg 240w\" sizes=\"(max-width: 364px) 100vw, 364px\" \/><figcaption class=\"wp-caption-text\">Faiq A\u011fayev (6 iyun 1969, Paprav\u0259nd, A\u011fdam rayonu \u2013 23 dekabr 1991, Me\u015f\u0259li, Xocal\u0131 rayonu) \u2014 Az\u0259rbaycan\u0131n Milli Q\u0259hr\u0259man\u0131, Birinci Qaraba\u011f m\u00fcharib\u0259si \u015f\u0259hidi.<\/figcaption><\/figure>\n<p>&nbsp;<\/p>\n<figure id=\"attachment_1224\" aria-describedby=\"caption-attachment-1224\" style=\"width: 345px\" class=\"wp-caption alignnone\"><img loading=\"lazy\" decoding=\"async\" class=\"wp-image-1224 \" src=\"https:\/\/agdam.org\/wp-content\/uploads\/2025\/08\/Hiday\u0259t_Rust\u0259mov.jpg\" alt=\"\" width=\"345\" height=\"449\" \/><figcaption id=\"caption-attachment-1224\" class=\"wp-caption-text\">Hiday\u0259t R\u00fcst\u0259mov (19 avqust 1970, X\u0131d\u0131rl\u0131, A\u011fdam rayonu \u2013 23 dekabr 1991, Me\u015f\u0259li, Xocal\u0131 rayonu) \u2014 Az\u0259rbaycan\u0131n Milli Q\u0259hr\u0259man\u0131, Birinci Qaraba\u011f m\u00fcharib\u0259si \u015f\u0259hidi.<\/figcaption><\/figure>\n<figure id=\"attachment_1225\" aria-describedby=\"caption-attachment-1225\" style=\"width: 348px\" class=\"wp-caption alignleft\"><img loading=\"lazy\" decoding=\"async\" class=\"wp-image-1225\" src=\"https:\/\/agdam.org\/wp-content\/uploads\/2025\/08\/250px-Baxseyis_Pasayev.jpg\" alt=\"\" width=\"348\" height=\"434\" srcset=\"https:\/\/agdam.org\/wp-content\/uploads\/2025\/08\/250px-Baxseyis_Pasayev.jpg 250w, https:\/\/agdam.org\/wp-content\/uploads\/2025\/08\/250px-Baxseyis_Pasayev-240x300.jpg 240w\" sizes=\"(max-width: 348px) 100vw, 348px\" \/><figcaption id=\"caption-attachment-1225\" class=\"wp-caption-text\">Bax\u015feyi\u015f Pa\u015fayev (1 may 1936, A\u011fdam \u2013 12 iyul 1992, Xanabad, Xocal\u0131 rayonu) \u2014 Az\u0259rbaycan\u0131n Milli Q\u0259hr\u0259man\u0131, Birinci Qaraba\u011f m\u00fcharib\u0259si \u015f\u0259hidi.<\/figcaption><\/figure>\n<p>&nbsp;<\/p>\n<figure id=\"attachment_1356\" aria-describedby=\"caption-attachment-1356\" style=\"width: 403px\" class=\"wp-caption alignnone\"><img loading=\"lazy\" decoding=\"async\" class=\"wp-image-1356 \" src=\"https:\/\/agdam.org\/wp-content\/uploads\/2025\/08\/Ixtiyar_Qasimov.jpg\" alt=\"\" width=\"403\" height=\"501\" srcset=\"https:\/\/agdam.org\/wp-content\/uploads\/2025\/08\/Ixtiyar_Qasimov.jpg 250w, https:\/\/agdam.org\/wp-content\/uploads\/2025\/08\/Ixtiyar_Qasimov-241x300.jpg 241w\" sizes=\"(max-width: 403px) 100vw, 403px\" \/><figcaption id=\"caption-attachment-1356\" class=\"wp-caption-text\">\u0130xtiyar Qas\u0131m o\u011flu Qas\u0131mov (22 mart 1970, Salahl\u0131 K\u0259ng\u0259rli, A\u011fdam rayonu \u2013 14 iyul 1992, Canyataq, A\u011fd\u0259r\u0259 rayonu) \u2014 Az\u0259rbaycan\u0131n Milli Q\u0259hr\u0259man\u0131, Birinci Qaraba\u011f m\u00fcharib\u0259si \u015f\u0259hidi.<\/figcaption><\/figure>\n<figure id=\"attachment_1358\" aria-describedby=\"caption-attachment-1358\" style=\"width: 403px\" class=\"wp-caption alignnone\"><img loading=\"lazy\" decoding=\"async\" class=\"wp-image-1358\" src=\"https:\/\/agdam.org\/wp-content\/uploads\/2025\/08\/Rovs\u0259n_Huseynov_h\u0259rbci.jpg\" alt=\"\" width=\"403\" height=\"524\" \/><figcaption id=\"caption-attachment-1358\" class=\"wp-caption-text\">R\u00f6v\u015f\u0259n H\u00fcseynov (22 fevral 1967, Quzanl\u0131, A\u011fdam rayonu \u2013 11 may 1992, \u015e\u0131xarx, A\u011fd\u0259r\u0259 rayonu) \u2014 Az\u0259rbaycan\u0131n Milli Q\u0259hr\u0259man\u0131, Birinci Qaraba\u011f m\u00fcharib\u0259si \u015f\u0259hidi.<\/dd>\n<dd><\/figcaption><\/figure>\n<figure id=\"attachment_1359\" aria-describedby=\"caption-attachment-1359\" style=\"width: 357px\" class=\"wp-caption alignnone\"><img loading=\"lazy\" decoding=\"async\" class=\"wp-image-1359 \" src=\"https:\/\/agdam.org\/wp-content\/uploads\/2025\/08\/Canpolad_Rzayev.jpg\" alt=\"\" width=\"357\" height=\"446\" srcset=\"https:\/\/agdam.org\/wp-content\/uploads\/2025\/08\/Canpolad_Rzayev.jpg 250w, https:\/\/agdam.org\/wp-content\/uploads\/2025\/08\/Canpolad_Rzayev-240x300.jpg 240w\" sizes=\"(max-width: 357px) 100vw, 357px\" \/><figcaption id=\"caption-attachment-1359\" class=\"wp-caption-text\">Canpolad Rzayev (26 fevral 1968, A\u011fdam rayonu \u2013 26 fevral 1992, Xocal\u0131) \u2014 Az\u0259rbaycan\u0131n Milli Q\u0259hr\u0259man\u0131, Birinci Qaraba\u011f m\u00fcharib\u0259si \u015f\u0259hidi.<\/figcaption><\/figure>\n<figure id=\"attachment_1360\" aria-describedby=\"caption-attachment-1360\" style=\"width: 424px\" class=\"wp-caption alignnone\"><img loading=\"lazy\" decoding=\"async\" class=\"wp-image-1360\" src=\"https:\/\/agdam.org\/wp-content\/uploads\/2025\/08\/Nadir_Eliyev_h\u0259rbci.jpg\" alt=\"\" width=\"424\" height=\"616\" srcset=\"https:\/\/agdam.org\/wp-content\/uploads\/2025\/08\/Nadir_Eliyev_h\u0259rbci.jpg 250w, https:\/\/agdam.org\/wp-content\/uploads\/2025\/08\/Nadir_Eliyev_h\u0259rbci-207x300.jpg 207w\" sizes=\"(max-width: 424px) 100vw, 424px\" \/><figcaption id=\"caption-attachment-1360\" class=\"wp-caption-text\">Nadir \u018fliyev (tam ad\u0131: Nadir Al\u0131\u015f o\u011flu \u018fliyev 30 iyul 1962, \u018flia\u011fal\u0131, A\u011fdam rayonu \u2013 22 iyul 1993, Qiyasl\u0131, A\u011fdam rayonu) \u2014 Az\u0259rbaycan\u0131n Milli Q\u0259hr\u0259man\u0131, Birinci Qaraba\u011f m\u00fcharib\u0259si \u015f\u0259hidi<\/figcaption><\/figure>\n","protected":false},"excerpt":{"rendered":"<p>&nbsp; &nbsp; &nbsp; &nbsp; &nbsp; &nbsp; &nbsp; &nbsp; &nbsp; &nbsp; &nbsp; &nbsp; &nbsp; &nbsp; &nbsp; [&hellip;]<\/p>\n","protected":false},"author":2,"featured_media":0,"parent":0,"menu_order":0,"comment_status":"closed","ping_status":"closed","template":"","meta":{"footnotes":""},"class_list":["post-1347","page","type-page","status-publish","hentry"],"jetpack_sharing_enabled":true,"_links":{"self":[{"href":"https:\/\/agdam.org\/index.php?rest_route=\/wp\/v2\/pages\/1347","targetHints":{"allow":["GET"]}}],"collection":[{"href":"https:\/\/agdam.org\/index.php?rest_route=\/wp\/v2\/pages"}],"about":[{"href":"https:\/\/agdam.org\/index.php?rest_route=\/wp\/v2\/types\/page"}],"author":[{"embeddable":true,"href":"https:\/\/agdam.org\/index.php?rest_route=\/wp\/v2\/users\/2"}],"replies":[{"embeddable":true,"href":"https:\/\/agdam.org\/index.php?rest_route=%2Fwp%2Fv2%2Fcomments&post=1347"}],"version-history":[{"count":3,"href":"https:\/\/agdam.org\/index.php?rest_route=\/wp\/v2\/pages\/1347\/revisions"}],"predecessor-version":[{"id":1361,"href":"https:\/\/agdam.org\/index.php?rest_route=\/wp\/v2\/pages\/1347\/revisions\/1361"}],"wp:attachment":[{"href":"https:\/\/agdam.org\/index.php?rest_route=%2Fwp%2Fv2%2Fmedia&parent=1347"}],"curies":[{"name":"wp","href":"https:\/\/api.w.org\/{rel}","templated":true}]}}