{"id":1843,"date":"2026-05-01T17:39:58","date_gmt":"2026-05-01T13:39:58","guid":{"rendered":"https:\/\/agdam.org\/?page_id=1843"},"modified":"2026-05-01T17:49:12","modified_gmt":"2026-05-01T13:49:12","slug":"s%c9%99hidl%c9%99rimiz","status":"publish","type":"page","link":"https:\/\/agdam.org\/?page_id=1843","title":{"rendered":"\u015e\u0259hidl\u0259rimiz"},"content":{"rendered":"<p class=\"post-linear__title\">Q\u0259nb\u0259rov T\u0259v\u0259kk\u00fcl<\/p>\n<p><strong>Do\u011fum tarixi :<\/strong><i>11\/30\/1972 <\/i><br \/>\n<strong> V\u0259fat etdiyi tarix : <\/strong><i>28.12.1993 <\/i><br \/>\n<i> A\u011fdam rayonu Maqsudlu k\u0259ndi <\/i><\/p>\n<p class=\"post-linear__title\">Abbasov Ayaz \u018fkb\u0259r<\/p>\n<p><strong>Do\u011fum tarixi :<\/strong><i>11\/14\/1963 <\/i><br \/>\n<strong> V\u0259fat etdiyi tarix : <\/strong><i>06.02.1992 <\/i><br \/>\n<i>A\u011fdam rayonu Qarada\u011fl\u0131 k\u0259ndi <\/i><\/p>\n<p class=\"post-linear__title\">Abbasov Vidadi<\/p>\n<p><strong>Do\u011fum tarixi :<\/strong><i>1953 <\/i><br \/>\n<strong> V\u0259fat etdiyi tarix : <\/strong><i>28.08.1992 <\/i><br \/>\n<i>A\u011fdam rayonu X\u0131nd\u0131r\u0131stan k\u0259ndi <\/i><\/p>\n<p class=\"post-linear__title\">Abbasov Az\u0259r Oktay<\/p>\n<p><strong>Do\u011fum tarixi :<\/strong><i>11\/7\/1969 <\/i><br \/>\n<strong> V\u0259fat etdiyi tarix : <\/strong><i>31.01.1992 <\/i><br \/>\n<i>A\u011fdam rayonu \u00c7uxurm\u0259hl\u0259 k\u0259ndi <\/i><\/p>\n<p class=\"post-linear__title\">Abbasov H\u00fcseyin \u018fli<\/p>\n<p><strong>Do\u011fum tarixi :<\/strong><i>1971 <\/i><br \/>\n<strong> V\u0259fat etdiyi tarix : <\/strong><i>28.02.1993 <\/i><br \/>\n<i>A\u011fdam rayonu Seyidli k\u0259ndi <\/i><\/p>\n<p class=\"post-linear__title\">Abbasov \u0130brahim Astan<\/p>\n<p><strong>Do\u011fum tarixi :<\/strong><i>1974 <\/i><br \/>\n<strong> V\u0259fat etdiyi tarix : <\/strong><i>12.06.1993 <\/i><br \/>\n<i> A\u011fdam rayonu <\/i><\/p>\n<p class=\"post-linear__title\">Abbasov Lo\u011fman \u015eirin<\/p>\n<p><strong>Do\u011fum tarixi :<\/strong><i>7\/3\/1954 <\/i><br \/>\n<strong> V\u0259fat etdiyi tarix : <\/strong><i>12.06.1993 <\/i><br \/>\n<i> A\u011fdam rayonu M\u0259rzili k\u0259ndi <\/i><\/p>\n<p class=\"post-linear__title\">Abbasov Knyaz \u018fliqulu<\/p>\n<p><strong>Do\u011fum tarixi :<\/strong><i>1963 <\/i><br \/>\n<strong> V\u0259fat etdiyi tarix : <\/strong><i>27.11.1992 <\/i><br \/>\n<i> A\u011fdam rayonu Yusifcanl\u0131 k\u0259ndi <\/i><\/p>\n<p class=\"post-linear__title\">Abbasov M\u0259tl\u0259b M\u00f6vs\u00fcm<\/p>\n<p><strong>Do\u011fum tarixi :<\/strong><i>10\/8\/1973 <\/i><br \/>\n<strong> V\u0259fat etdiyi tarix : <\/strong><i>30.12.1993 <\/i><br \/>\n<i> A\u011fdam rayonu M\u0259rzili k\u0259ndi <\/i><\/p>\n<p class=\"post-linear__title\">Abbasov M\u00fctalib \u018fli<\/p>\n<p><strong>Do\u011fum tarixi :<\/strong><i>9\/8\/1972 <\/i><br \/>\n<strong> V\u0259fat etdiyi tarix : <\/strong><i>30.06.1992 <\/i><br \/>\n<i> A\u011fdam rayonu Papr\u0259v\u0259nd k\u0259ndi <\/i><\/p>\n<p class=\"post-linear__title\">Abbasov M\u00fc\u015ffiq Qabil<\/p>\n<p><strong>Do\u011fum tarixi :<\/strong><i>6\/16\/1970 <\/i><br \/>\n<strong> V\u0259fat etdiyi tarix : <\/strong><i>06.10.2020 <\/i><br \/>\n<i> A\u011fdam rayonu G\u00fclabl\u0131 k\u0259ndi <\/i><\/p>\n<p class=\"post-linear__title\">Abbasov Vahid Muxtar<\/p>\n<p><strong>Do\u011fum tarixi :<\/strong><i>9\/21\/1972 <\/i><br \/>\n<strong> V\u0259fat etdiyi tarix : <\/strong><i>08.10.1992 <\/i><br \/>\n<i>A\u011fdam rayonu Yusifcanl\u0131 k\u0259ndi <\/i><\/p>\n<p class=\"post-linear__title\">Abbasov S\u0259di \u0130bad<\/p>\n<p><strong>Do\u011fum tarixi :<\/strong><i>1\/9\/1974 <\/i><br \/>\n<strong> V\u0259fat etdiyi tarix : <\/strong><i>27.03.1994 <\/i><br \/>\n<i> A\u011fdam rayonu Q\u0259rv\u0259nd k\u0259ndi <\/i><\/p>\n<p class=\"post-linear__title\">Abbasov V\u00fcqar \u015eahlar<\/p>\n<p><strong>Do\u011fum tarixi :<\/strong><i>1973 <\/i><br \/>\n<strong> V\u0259fat etdiyi tarix : <\/strong><i>12.06.1993 <\/i><br \/>\n<i>A\u011fdam rayonu Seyidli k\u0259ndi <\/i><\/p>\n<p class=\"post-linear__title\">Abbasov Xudaverdi M\u0259h\u0259mm\u0259d<\/p>\n<p><strong>Do\u011fum tarixi :<\/strong><i>1962 <\/i><br \/>\n<strong> V\u0259fat etdiyi tarix : <\/strong><i>24.08.1992 <\/i><br \/>\n<i> A\u011fdam rayonu <\/i><\/p>\n<p class=\"post-linear__title\">Abd\u0131nov Samir \u018fmir<\/p>\n<p><strong>Do\u011fum tarixi :<\/strong><i>03.01.1973 <\/i><br \/>\n<strong> V\u0259fat etdiyi tarix : <\/strong><i>12.03.1992 <\/i><br \/>\n<i>A\u011fdam rayonu Qarada\u011fl\u0131 k\u0259ndi <\/i><\/p>\n<p class=\"post-linear__title\">Abdullayer \u00c7ingiz Oktay<\/p>\n<p><strong>Do\u011fum tarixi :<\/strong><i>1969 <\/i><br \/>\n<strong> V\u0259fat etdiyi tarix : <\/strong><i>05.02.1992 <\/i><br \/>\n<i> A\u011fdam rayonu Maqsudlu k\u0259ndi <\/i><\/p>\n<p class=\"post-linear__title\">Abdullayev R\u00f6v\u015f\u0259n Sabir<\/p>\n<p><strong>Do\u011fum tarixi :<\/strong><i>1961 <\/i><br \/>\n<strong> V\u0259fat etdiyi tarix : <\/strong><i>31.12.1992 <\/i><br \/>\n<i>A\u011fdam rayonu <\/i><\/p>\n<p class=\"post-linear__title\">Abdullayev \u018fl\u0259ddin<\/p>\n<p><strong>Do\u011fum tarixi :<\/strong><i>4\/4\/1952 <\/i><br \/>\n<strong> V\u0259fat etdiyi tarix : <\/strong><i>12.03.1992 <\/i><br \/>\n<i> A\u011fdam rayonu Ba\u015f g\u00fcney k\u0259ndi <\/i><\/p>\n<p class=\"post-linear__title\">Abdullayev H\u00fcsam\u0259ddin Yaqub<\/p>\n<p><strong>Do\u011fum tarixi :<\/strong><i>1961 <\/i><br \/>\n<strong> V\u0259fat etdiyi tarix : <\/strong><i>12.06.1992 <\/i><br \/>\n<i>A\u011fdam rayonu Maqsudlu k\u0259ndi <\/i><\/p>\n<p class=\"post-linear__title\">Abdullayev Faiq Heyd\u0259r<\/p>\n<p><strong>Do\u011fum tarixi :<\/strong><i>1963 <\/i><br \/>\n<strong> V\u0259fat etdiyi tarix : <\/strong><i>15.12.1992 <\/i><br \/>\n<i> A\u011fdam rayonu<\/i><\/p>\n<p class=\"post-linear__title\">Abdullayev L\u0259nkaran \u018fli<\/p>\n<p><strong>Do\u011fum tarixi :<\/strong><i>1\/15\/1974 <\/i><br \/>\n<strong> V\u0259fat etdiyi tarix : <\/strong><i>09.02.1993 <\/i><br \/>\n<i> A\u011fdam rayonu Papr\u0259v\u0259nd k\u0259ndi <\/i><\/p>\n<p class=\"post-linear__title\">Abdullayev \u0130lham Bayram<\/p>\n<p><strong>Do\u011fum tarixi :<\/strong><i>7\/28\/1973 <\/i><br \/>\n<strong> V\u0259fat etdiyi tarix : <\/strong><i>10.12.1992 <\/i><br \/>\n<i> A\u011fdam rayonu Mir\u0259\u015felli k\u0259ndi <\/i><\/p>\n<p class=\"post-linear__title\">Abdullayev Mahir \u015eahmar<\/p>\n<p><strong>Do\u011fum tarixi :<\/strong><i>5\/24\/1971 <\/i><br \/>\n<strong> V\u0259fat etdiyi tarix : <\/strong><i>02.09.1992 <\/i><br \/>\n<i> A\u011fdam rayonu Quzanl\u0131 k\u0259ndi <\/i><\/p>\n<p class=\"post-linear__title\">Abdullayev Rafiq Engilis<\/p>\n<p><strong>Do\u011fum tarixi :<\/strong><i>12\/30\/1969 <\/i><br \/>\n<strong> V\u0259fat etdiyi tarix : <\/strong><i>25.11.1992 <\/i><br \/>\n<i> A\u011fdam rayonu Sarcal\u0131 k\u0259ndi <\/i><\/p>\n<p class=\"post-linear__title\">Abdullayev S\u0259rvan \u015eahmar<\/p>\n<p><strong>Do\u011fum tarixi :<\/strong><i>2\/8\/1974 <\/i><br \/>\n<strong> V\u0259fat etdiyi tarix : <\/strong><i>25.08.1993 <\/i><br \/>\n<i>A\u011fdam rayonu \u018fhm\u0259da\u011fal\u0131 k\u0259ndi <\/i><\/p>\n<p class=\"post-linear__title\">Abdullayev Sahib Mirabdulla<\/p>\n<p><strong>Do\u011fum tarixi :<\/strong><i>1962 <\/i><br \/>\n<strong> V\u0259fat etdiyi tarix : <\/strong><i>20.04.1994 <\/i><br \/>\n<i>A\u011fdam rayonu <\/i><\/p>\n<p class=\"post-linear__title\">Abdullayev Yal\u00e7\u0131n M\u00fcz\u0259ff\u0259r<\/p>\n<p><strong>Do\u011fum tarixi :<\/strong><i>1965 <\/i><br \/>\n<strong> V\u0259fat etdiyi tarix : <\/strong><i>22.07.1992 <\/i><br \/>\n<i>A\u011fdam rayonu Seyidli k\u0259ndi <\/i><\/p>\n<p class=\"post-linear__title\">Abdullayev Vaqif Dada\u015f<\/p>\n<p><strong>Do\u011fum tarixi :<\/strong><i>7\/1\/1968 <\/i><br \/>\n<strong> V\u0259fat etdiyi tarix : <\/strong><i>16.01.1994 <\/i><br \/>\n<i>A\u011fdam rayonu Mir\u0259\u015felli k\u0259ndi <\/i><\/p>\n<p class=\"post-linear__title\">A\u011faki\u015fiyev Eld\u0259niz Qa\u00e7ay<\/p>\n<p><strong>Do\u011fum tarixi :<\/strong><i>1957 <\/i><br \/>\n<strong> V\u0259fat etdiyi tarix : <\/strong><i>03.07.1992 <\/i><br \/>\n<i>A\u011fdam rayonu Seyidli k\u0259ndi <\/i><\/p>\n<p class=\"post-linear__title\">A\u011famirov \u018fdal\u0259t Mirsadiq<\/p>\n<p><strong>Do\u011fum tarixi :<\/strong><i>1970 <\/i><br \/>\n<strong> V\u0259fat etdiyi tarix : <\/strong><i>18.04.1994 <\/i><br \/>\n<i> A\u011fdam rayonu Cavahirli k\u0259ndi <\/i><\/p>\n<p class=\"post-linear__title\">A\u011fayev N\u00fcsr\u0259t Ayd\u0131n<\/p>\n<p><strong>Do\u011fum tarixi :<\/strong><i>1\/1\/1971 <\/i><br \/>\n<strong> V\u0259fat etdiyi tarix : <\/strong><i>16.01.1994 <\/i><br \/>\n<i> A\u011fdam rayonu Qiyasl\u0131 k\u0259ndi <\/i><\/p>\n<p class=\"post-linear__title\">A\u011fayev Adil Akif<\/p>\n<p><strong>Do\u011fum tarixi :<\/strong><i>1966 <\/i><br \/>\n<strong> V\u0259fat etdiyi tarix : <\/strong><i>07.06.1992 <\/i><br \/>\n<i> A\u011fdam rayonu <\/i><\/p>\n<p class=\"post-linear__title\">A\u011fayev \u018fhliman Sabir<\/p>\n<p><strong>Do\u011fum tarixi :<\/strong><i>1974 <\/i><br \/>\n<strong> V\u0259fat etdiyi tarix : <\/strong><i>05.02.1998 <\/i><br \/>\n<i> A\u011fdam rayonu <\/i><\/p>\n<p class=\"post-linear__title\">A\u011fayev \u00c7ingiz \u018fziz<\/p>\n<p><strong>Do\u011fum tarixi :<\/strong><i>1972 <\/i><br \/>\n<strong> V\u0259fat etdiyi tarix : <\/strong><i>10.07.1994 <\/i><br \/>\n<i> A\u011fdam rayonu <\/i><\/p>\n<p class=\"post-linear__title\">A\u011fayev \u0130slam M\u00fcr\u015f\u00fcd<\/p>\n<p><strong>Do\u011fum tarixi :<\/strong><i>X.X.1930 <\/i><br \/>\n<strong> V\u0259fat etdiyi tarix : <\/strong><i>09.02.1992 <\/i><br \/>\n<i> A\u011fdam rayonu S\u0131rxav\u0259nd k\u0259ndi <\/i><\/p>\n<p class=\"post-linear__title\">A\u011fayev El\u015f\u0259n \u015e\u00fck\u00fcr<\/p>\n<p><strong>Do\u011fum tarixi :<\/strong><i>1966 <\/i><br \/>\n<strong> V\u0259fat etdiyi tarix : <\/strong><i>12.05.1992 <\/i><br \/>\n<i> A\u011fdam rayonu <\/i><\/p>\n<p class=\"post-linear__title\">A\u011fayev M\u00fcbariz \u018fr\u015fad<\/p>\n<p><strong>Do\u011fum tarixi :<\/strong><i>3\/4\/1970 <\/i><br \/>\n<strong> V\u0259fat etdiyi tarix : <\/strong><i>15.06.1992 <\/i><br \/>\n<i>A\u011fdam rayonu Mir\u0259\u015felli k\u0259ndi <\/i><\/p>\n<p class=\"post-linear__title\">A\u011fayev Saleh Quba<\/p>\n<p><strong>Do\u011fum tarixi :<\/strong><i>4\/11\/1956 <\/i><br \/>\n<strong> V\u0259fat etdiyi tarix : <\/strong><i>29.08.1992 <\/i><br \/>\n<i> A\u011fdam rayonu \u00c7\u0259m\u0259nli k\u0259ndi <\/i><\/p>\n<p class=\"post-linear__title\">A\u011fayev R\u00f6v\u015f\u0259n M\u0259mm\u0259d<\/p>\n<p><strong>Do\u011fum tarixi :<\/strong><i>1966 <\/i><br \/>\n<strong> V\u0259fat etdiyi tarix : <\/strong><i>29.10.1992 <\/i><br \/>\n<i> A\u011fdam rayonu <\/i><\/p>\n<p class=\"post-linear__title\">A\u011fayev Vidadi S\u0259cc\u0259t<\/p>\n<p><strong>Do\u011fum tarixi :<\/strong><i>1959 <\/i><br \/>\n<strong> V\u0259fat etdiyi tarix : <\/strong><i>23.07.1993 <\/i><br \/>\n<i> A\u011fdam rayonu <\/i><\/p>\n<p class=\"post-linear__title\">A\u011fayev Ya\u015far Xur\u015fud<\/p>\n<p><strong>Do\u011fum tarixi :<\/strong><i>1973 <\/i><br \/>\n<strong> V\u0259fat etdiyi tarix : <\/strong><i>02.06.1994 <\/i><br \/>\n<i>A\u011fdam rayonu Seyidli k\u0259ndi k\u0259ndi <\/i><\/p>\n<p class=\"post-linear__title\">Al\u0131\u015fov Mehman H\u00fcseyn<\/p>\n<p><strong>Do\u011fum tarixi :<\/strong><i>12\/25\/1959 <\/i><br \/>\n<strong> V\u0259fat etdiyi tarix : <\/strong><i>16.07.1993 <\/i><br \/>\n<i>A\u011fdam rayonu Dada\u015fl\u0131 k\u0259ndi <\/i><\/p>\n<p class=\"post-linear__title\">Al\u0131\u015fov Kaz\u0131m \u015eura<\/p>\n<p><strong>Do\u011fum tarixi :<\/strong><i>1960 <\/i><br \/>\n<strong> V\u0259fat etdiyi tarix : <\/strong><i>14.06.1992 <\/i><br \/>\n<i>A\u011fdam rayonu \u015e\u0131xbabal\u0131 k\u0259ndi <\/i><\/p>\n<p class=\"post-linear__title\">Al\u0131yev Qeys Q\u0259l\u0259nd\u0259r<\/p>\n<p><strong>Do\u011fum tarixi :<\/strong><i>1973 <\/i><br \/>\n<strong> V\u0259fat etdiyi tarix : <\/strong><i>12.02.1994 <\/i><br \/>\n<i>A\u011fdam rayonu \u00dc\u00e7o\u011flan k\u0259ndi <\/i><\/p>\n<p class=\"post-linear__title\">Al\u0131yev M\u00f6h\u00fc M\u0259h\u0259mm\u0259d<\/p>\n<p><strong>Do\u011fum tarixi :<\/strong><i>17.06.1928 <\/i><br \/>\n<strong> V\u0259fat etdiyi tarix : <\/strong><i>12.03.1992 <\/i><br \/>\n<i> A\u011fdam rayonu M\u0259likli k\u0259ndi <\/i><\/p>\n<p class=\"post-linear__title\">Allahverdiyev Zabil \u018fkb\u0259r<\/p>\n<p><strong>Do\u011fum tarixi :<\/strong><i>1\/1\/1968 <\/i><br \/>\n<strong> V\u0259fat etdiyi tarix : <\/strong><i>26.09.1992 <\/i><br \/>\n<i> A\u011fdam rayonu Q\u0259rv\u0259nd k\u0259ndi <\/i><\/p>\n<p class=\"post-linear__title\">Allahverdiyev Tacir Xasay<\/p>\n<p><strong>Do\u011fum tarixi :<\/strong><i>4\/20\/2001 <\/i><br \/>\n<strong> V\u0259fat etdiyi tarix : <\/strong><i>24.10.2020 <\/i><br \/>\n<i>A\u011fdam rayonu \u00c7ullu k\u0259ndi <\/i><\/p>\n<p class=\"post-linear__title\">Allahverdiyev Tacir Xasay<\/p>\n<p><strong>Do\u011fum tarixi :<\/strong><i>4\/20\/2001 <\/i><br \/>\n<strong> V\u0259fat etdiyi tarix : <\/strong><i>10\/24\/2020 <\/i><br \/>\n<i> A\u011fdam rayonu \u00c7ullu k\u0259ndi <\/i><\/p>\n<p class=\"post-linear__title\">Allahverdiyev Ayd\u0131n Xanqulu<\/p>\n<p><strong>Do\u011fum tarixi :<\/strong><i>1967 <\/i><br \/>\n<strong> V\u0259fat etdiyi tarix : <\/strong><i>05.08.1992 <\/i><br \/>\n<i> A\u011fdam rayonu G\u00fclabl\u0131 k\u0259ndi <\/i><\/p>\n<p>&nbsp;<\/p>\n","protected":false},"excerpt":{"rendered":"<p>Q\u0259nb\u0259rov T\u0259v\u0259kk\u00fcl Do\u011fum tarixi :11\/30\/1972 V\u0259fat etdiyi tarix : 28.12.1993 A\u011fdam rayonu Maqsudlu k\u0259ndi Abbasov [&hellip;]<\/p>\n","protected":false},"author":2,"featured_media":0,"parent":0,"menu_order":0,"comment_status":"closed","ping_status":"closed","template":"","meta":{"footnotes":""},"class_list":["post-1843","page","type-page","status-publish","hentry"],"jetpack_sharing_enabled":true,"_links":{"self":[{"href":"https:\/\/agdam.org\/index.php?rest_route=\/wp\/v2\/pages\/1843","targetHints":{"allow":["GET"]}}],"collection":[{"href":"https:\/\/agdam.org\/index.php?rest_route=\/wp\/v2\/pages"}],"about":[{"href":"https:\/\/agdam.org\/index.php?rest_route=\/wp\/v2\/types\/page"}],"author":[{"embeddable":true,"href":"https:\/\/agdam.org\/index.php?rest_route=\/wp\/v2\/users\/2"}],"replies":[{"embeddable":true,"href":"https:\/\/agdam.org\/index.php?rest_route=%2Fwp%2Fv2%2Fcomments&post=1843"}],"version-history":[{"count":3,"href":"https:\/\/agdam.org\/index.php?rest_route=\/wp\/v2\/pages\/1843\/revisions"}],"predecessor-version":[{"id":1847,"href":"https:\/\/agdam.org\/index.php?rest_route=\/wp\/v2\/pages\/1843\/revisions\/1847"}],"wp:attachment":[{"href":"https:\/\/agdam.org\/index.php?rest_route=%2Fwp%2Fv2%2Fmedia&parent=1843"}],"curies":[{"name":"wp","href":"https:\/\/api.w.org\/{rel}","templated":true}]}}